{"id":69589,"date":"2025-10-15T11:57:42","date_gmt":"2025-10-15T16:57:42","guid":{"rendered":"https:\/\/remax-irpty.com\/property\/venta-de-galera-en-parque-logistico-dos-caminos-panama\/"},"modified":"2025-10-15T11:57:42","modified_gmt":"2025-10-15T16:57:42","slug":"venta-de-galera-en-parque-logistico-dos-caminos-panama","status":"publish","type":"property","link":"https:\/\/remax-irpty.com\/en\/property\/venta-de-galera-en-parque-logistico-dos-caminos-panama\/","title":{"rendered":"Venta de Galera en Parque Log\u00edstico Dos Caminos &#8211; Panam\u00e1"},"content":{"rendered":"<p>Ubicaci\u00f3n Estrat\u00e9gica:En el prestigioso Parque Log\u00edstico Dos Caminos, con r\u00e1pido acceso al Corredor Sur y al Corredor Norte, y muy cerca del Aeropuerto Internacional de Tocumen. Perfecto para operaciones log\u00edsticas nacionales e internacionales.<br \/>\nCaracter\u00edsticas Principales:<\/p>\n<p>Tama\u00f1o Total:\u00a0620m2<br \/>\nDos Pisos de Oficinas:\u00a0comodas y funcionales, cada nivel equipado con ba\u00f1os.<br \/>\nAnd\u00e9n de Carga: Ideal para optimizar la recepci\u00f3n y despacho de mercanc\u00edas.<br \/>\nAltura Libre:\u00a09mts.<br \/>\nConstrucci\u00f3n Moderna: Dise\u00f1ada para satisfacer las necesidades de empresas log\u00edsticas y de almacenamiento.<\/p>\n<p>Ideal para:Log\u00edstica, distribuci\u00f3n, almacenamiento o manufactura ligera.<br \/>\nCont\u00e1ctanos Hoy Mismo<\/p>\n<p>C\u00f3digo: 002962896030<\/p>\n<hr \/>\n<p>Warehouse for Sale in Dos Caminos Logistics Park &#8211; Panama<\/p>\n<p>Strategic Location:Located in the prestigious Dos Caminos Logistics Park, with quick access to the South and North Corridors and close to Tocumen International Airport. Perfect for national and international logistics operations.<br \/>\nKey Features:<\/p>\n<p>Total Size:\u00a0620m2.<br \/>\nTwo Floors of Offices:\u00a0Confortable and functional, each floor equipped with restrooms.<br \/>\nLoading Dock: Designed for efficient goods reception and dispatch.<br \/>\nClear Height:\u00a09m<br \/>\nModern Construction: Built to meet the demands of logistics and storage companies.<\/p>\n<p>Ideal For:Logistics, distribution, storage, or light manufacturing.<br \/>\nContact Us Today<\/p>\n<p>Code: 002962896030<\/p>","protected":false},"excerpt":{"rendered":"<p>Ubicaci\u00f3n Estrat\u00e9gica:En el prestigioso Parque Log\u00edstico Dos Caminos, con r\u00e1pido acceso al Corredor Sur y al Corredor Norte, y muy cerca del Aeropuerto Internacional de Tocumen. Perfecto para operaciones log\u00edsticas nacionales e internacionales. Caracter\u00edsticas Principales: Tama\u00f1o Total:\u00a0620m2 Dos Pisos de Oficinas:\u00a0comodas y funcionales, cada nivel equipado con ba\u00f1os. And\u00e9n de Carga: Ideal para optimizar la [&hellip;]<\/p>\n","protected":false},"author":2,"featured_media":71227,"parent":0,"menu_order":0,"template":"","property_type":[283],"property_status":[],"property_feature":[],"property_label":[359],"property_country":[],"property_city":[],"property_area":[375],"class_list":["post-69589","property","type-property","status-publish","has-post-thumbnail","hentry","property_type-comercial","property_label-panama","property_area-panama-las-mananitas"],"property_meta":{"fave_currency":["(USD) US Dollar"],"fave_currency_info":[""],"fave_property_price":["680000.00"],"fave_property_size":["620.00"],"fave_property_size_prefix":["Sq Mt"],"fave_property_land":["620.00"],"fave_property_land_postfix":["Sq Mt"],"fave_property_bathrooms":["3"],"fave_property_garage":["4"],"fave_property_map":["1"],"fave_featured":["1"],"houzez_featured_listing_date":["2025-10-15 11:57:52"],"fave_agent_display_option":["author_info"],"fave_prop_homeslider":["no"],"floor_plans":["a:0:{}"],"fave_multi_units":["a:0:{}"],"additional_features":["a:0:{}"],"fave_agents":["70996"],"fave_property_agency":["20156"],"fave_property_map_address":[null],"fave_property_location":["9.0842604,-79.3996535"],"houzez_geolocation_lat":["9.0842604"],"houzez_geolocation_long":["-79.3996535"],"_wp_page_template":["default"],"fave_property_images":["71227","71228","71229","71230","71231","71232","71233","71234","71235","71236","71237","71238","71239","71240","71241","71242","71243"],"_thumbnail_id":["71227"],"houzez_total_property_views":["115"],"houzez_views_by_date":["a:61:{s:10:\"11-14-2025\";i:1;s:10:\"11-19-2025\";i:1;s:10:\"11-22-2025\";i:2;s:10:\"11-27-2025\";i:1;s:10:\"11-28-2025\";i:1;s:10:\"11-30-2025\";i:1;s:10:\"12-09-2025\";i:3;s:10:\"12-10-2025\";i:3;s:10:\"12-18-2025\";i:1;s:10:\"12-19-2025\";i:2;s:10:\"12-21-2025\";i:4;s:10:\"12-27-2025\";i:1;s:10:\"12-29-2025\";i:2;s:10:\"01-07-2026\";i:1;s:10:\"01-08-2026\";i:1;s:10:\"01-09-2026\";i:1;s:10:\"01-10-2026\";i:2;s:10:\"01-14-2026\";i:1;s:10:\"01-16-2026\";i:3;s:10:\"01-17-2026\";i:2;s:10:\"01-24-2026\";i:2;s:10:\"01-27-2026\";i:1;s:10:\"01-31-2026\";i:1;s:10:\"02-01-2026\";i:1;s:10:\"02-04-2026\";i:1;s:10:\"02-07-2026\";i:1;s:10:\"02-08-2026\";i:3;s:10:\"02-09-2026\";i:2;s:10:\"02-10-2026\";i:1;s:10:\"02-16-2026\";i:6;s:10:\"02-17-2026\";i:2;s:10:\"02-18-2026\";i:1;s:10:\"02-19-2026\";i:2;s:10:\"02-21-2026\";i:1;s:10:\"02-22-2026\";i:1;s:10:\"02-23-2026\";i:2;s:10:\"02-24-2026\";i:1;s:10:\"02-27-2026\";i:1;s:10:\"02-28-2026\";i:2;s:10:\"03-02-2026\";i:2;s:10:\"03-07-2026\";i:1;s:10:\"03-08-2026\";i:1;s:10:\"03-09-2026\";i:1;s:10:\"03-10-2026\";i:1;s:10:\"03-11-2026\";i:1;s:10:\"03-12-2026\";i:2;s:10:\"03-14-2026\";i:1;s:10:\"03-15-2026\";i:3;s:10:\"03-18-2026\";i:2;s:10:\"03-21-2026\";i:3;s:10:\"03-23-2026\";i:1;s:10:\"03-24-2026\";i:2;s:10:\"03-26-2026\";i:1;s:10:\"03-27-2026\";i:2;s:10:\"04-04-2026\";i:1;s:10:\"04-12-2026\";i:1;s:10:\"04-15-2026\";i:1;s:10:\"04-20-2026\";i:1;s:10:\"04-22-2026\";i:1;s:10:\"04-29-2026\";i:1;s:10:\"04-30-2026\";i:4;}"],"houzez_recently_viewed":["2026-04-30 15:36:03"],"_elementor_page_assets":["a:0:{}"]},"yoast_head":"<!-- This site is optimized with the Yoast SEO plugin v27.5 - https:\/\/yoast.com\/product\/yoast-seo-wordpress\/ -->\n<title>Venta de Galera en Parque Log\u00edstico Dos Caminos - Panam\u00e1 - REMAX Panam\u00e1<\/title>\n<meta name=\"robots\" content=\"index, follow, max-snippet:-1, max-image-preview:large, max-video-preview:-1\" \/>\n<link rel=\"canonical\" href=\"https:\/\/remax-irpty.com\/en\/property\/venta-de-galera-en-parque-logistico-dos-caminos-panama\/\" \/>\n<meta property=\"og:locale\" content=\"en_US\" \/>\n<meta property=\"og:type\" content=\"article\" \/>\n<meta property=\"og:title\" content=\"Venta de Galera en Parque Log\u00edstico Dos Caminos - Panam\u00e1 - REMAX Panam\u00e1\" \/>\n<meta property=\"og:description\" content=\"Ubicaci\u00f3n Estrat\u00e9gica:En el prestigioso Parque Log\u00edstico Dos Caminos, con r\u00e1pido acceso al Corredor Sur y al Corredor Norte, y muy cerca del Aeropuerto Internacional de Tocumen. Perfecto para operaciones log\u00edsticas nacionales e internacionales. Caracter\u00edsticas Principales: Tama\u00f1o Total:\u00a0620m2 Dos Pisos de Oficinas:\u00a0comodas y funcionales, cada nivel equipado con ba\u00f1os. And\u00e9n de Carga: Ideal para optimizar la [&hellip;]\" \/>\n<meta property=\"og:url\" content=\"https:\/\/remax-irpty.com\/en\/property\/venta-de-galera-en-parque-logistico-dos-caminos-panama\/\" \/>\n<meta property=\"og:site_name\" content=\"REMAX Panam\u00e1\" \/>\n<meta property=\"og:image\" content=\"https:\/\/remax-irpty.com\/wp-content\/uploads\/2025\/10\/IMG_8577.jpeg\" \/>\n\t<meta property=\"og:image:width\" content=\"1243\" \/>\n\t<meta property=\"og:image:height\" content=\"932\" \/>\n\t<meta property=\"og:image:type\" content=\"image\/jpeg\" \/>\n<meta name=\"twitter:card\" content=\"summary_large_image\" \/>\n<meta name=\"twitter:label1\" content=\"Est. reading time\" \/>\n\t<meta name=\"twitter:data1\" content=\"1 minute\" \/>\n<script type=\"application\/ld+json\" class=\"yoast-schema-graph\">{\"@context\":\"https:\\\/\\\/schema.org\",\"@graph\":[{\"@type\":\"WebPage\",\"@id\":\"https:\\\/\\\/remax-irpty.com\\\/property\\\/venta-de-galera-en-parque-logistico-dos-caminos-panama\\\/\",\"url\":\"https:\\\/\\\/remax-irpty.com\\\/property\\\/venta-de-galera-en-parque-logistico-dos-caminos-panama\\\/\",\"name\":\"Venta de Galera en Parque Log\u00edstico Dos Caminos - Panam\u00e1 - REMAX Panam\u00e1\",\"isPartOf\":{\"@id\":\"https:\\\/\\\/remax-irpty.com\\\/#website\"},\"primaryImageOfPage\":{\"@id\":\"https:\\\/\\\/remax-irpty.com\\\/property\\\/venta-de-galera-en-parque-logistico-dos-caminos-panama\\\/#primaryimage\"},\"image\":{\"@id\":\"https:\\\/\\\/remax-irpty.com\\\/property\\\/venta-de-galera-en-parque-logistico-dos-caminos-panama\\\/#primaryimage\"},\"thumbnailUrl\":\"https:\\\/\\\/remax-irpty.com\\\/wp-content\\\/uploads\\\/2025\\\/10\\\/IMG_8577.jpeg\",\"datePublished\":\"2025-10-15T16:57:42+00:00\",\"breadcrumb\":{\"@id\":\"https:\\\/\\\/remax-irpty.com\\\/property\\\/venta-de-galera-en-parque-logistico-dos-caminos-panama\\\/#breadcrumb\"},\"inLanguage\":\"en-US\",\"potentialAction\":[{\"@type\":\"ReadAction\",\"target\":[\"https:\\\/\\\/remax-irpty.com\\\/property\\\/venta-de-galera-en-parque-logistico-dos-caminos-panama\\\/\"]}]},{\"@type\":\"ImageObject\",\"inLanguage\":\"en-US\",\"@id\":\"https:\\\/\\\/remax-irpty.com\\\/property\\\/venta-de-galera-en-parque-logistico-dos-caminos-panama\\\/#primaryimage\",\"url\":\"https:\\\/\\\/remax-irpty.com\\\/wp-content\\\/uploads\\\/2025\\\/10\\\/IMG_8577.jpeg\",\"contentUrl\":\"https:\\\/\\\/remax-irpty.com\\\/wp-content\\\/uploads\\\/2025\\\/10\\\/IMG_8577.jpeg\",\"width\":1243,\"height\":932},{\"@type\":\"BreadcrumbList\",\"@id\":\"https:\\\/\\\/remax-irpty.com\\\/property\\\/venta-de-galera-en-parque-logistico-dos-caminos-panama\\\/#breadcrumb\",\"itemListElement\":[{\"@type\":\"ListItem\",\"position\":1,\"name\":\"Home\",\"item\":\"https:\\\/\\\/remax-irpty.com\\\/\"},{\"@type\":\"ListItem\",\"position\":2,\"name\":\"Propiedades\",\"item\":\"https:\\\/\\\/remax-irpty.com\\\/property\\\/\"},{\"@type\":\"ListItem\",\"position\":3,\"name\":\"Venta de Galera en Parque Log\u00edstico Dos Caminos &#8211; Panam\u00e1\"}]},{\"@type\":\"WebSite\",\"@id\":\"https:\\\/\\\/remax-irpty.com\\\/#website\",\"url\":\"https:\\\/\\\/remax-irpty.com\\\/\",\"name\":\"REMAX COMMERCIAL INVESTMENT REALTY\",\"description\":\"Commercial Investment Realty\",\"publisher\":{\"@id\":\"https:\\\/\\\/remax-irpty.com\\\/#organization\"},\"potentialAction\":[{\"@type\":\"SearchAction\",\"target\":{\"@type\":\"EntryPoint\",\"urlTemplate\":\"https:\\\/\\\/remax-irpty.com\\\/?s={search_term_string}\"},\"query-input\":{\"@type\":\"PropertyValueSpecification\",\"valueRequired\":true,\"valueName\":\"search_term_string\"}}],\"inLanguage\":\"en-US\"},{\"@type\":\"Organization\",\"@id\":\"https:\\\/\\\/remax-irpty.com\\\/#organization\",\"name\":\"REMAX COMMERCIAL INVESTMENT REALTY\",\"alternateName\":\"REMAX INVESTMENT REALTY\",\"url\":\"https:\\\/\\\/remax-irpty.com\\\/\",\"logo\":{\"@type\":\"ImageObject\",\"inLanguage\":\"en-US\",\"@id\":\"https:\\\/\\\/remax-irpty.com\\\/#\\\/schema\\\/logo\\\/image\\\/\",\"url\":\"https:\\\/\\\/remax-irpty.com\\\/wp-content\\\/uploads\\\/2025\\\/09\\\/REMAX-Commercial-InvestmentRealty_ORIGINAL.png\",\"contentUrl\":\"https:\\\/\\\/remax-irpty.com\\\/wp-content\\\/uploads\\\/2025\\\/09\\\/REMAX-Commercial-InvestmentRealty_ORIGINAL.png\",\"width\":2042,\"height\":939,\"caption\":\"REMAX COMMERCIAL INVESTMENT REALTY\"},\"image\":{\"@id\":\"https:\\\/\\\/remax-irpty.com\\\/#\\\/schema\\\/logo\\\/image\\\/\"},\"sameAs\":[\"https:\\\/\\\/www.instagram.com\\\/remaxirpanama\\\/\"]}]}<\/script>\n<!-- \/ Yoast SEO plugin. -->","yoast_head_json":{"title":"Venta de Galera en Parque Log\u00edstico Dos Caminos - Panam\u00e1 - REMAX Panam\u00e1","robots":{"index":"index","follow":"follow","max-snippet":"max-snippet:-1","max-image-preview":"max-image-preview:large","max-video-preview":"max-video-preview:-1"},"canonical":"https:\/\/remax-irpty.com\/en\/property\/venta-de-galera-en-parque-logistico-dos-caminos-panama\/","og_locale":"en_US","og_type":"article","og_title":"Venta de Galera en Parque Log\u00edstico Dos Caminos - Panam\u00e1 - REMAX Panam\u00e1","og_description":"Ubicaci\u00f3n Estrat\u00e9gica:En el prestigioso Parque Log\u00edstico Dos Caminos, con r\u00e1pido acceso al Corredor Sur y al Corredor Norte, y muy cerca del Aeropuerto Internacional de Tocumen. Perfecto para operaciones log\u00edsticas nacionales e internacionales. Caracter\u00edsticas Principales: Tama\u00f1o Total:\u00a0620m2 Dos Pisos de Oficinas:\u00a0comodas y funcionales, cada nivel equipado con ba\u00f1os. And\u00e9n de Carga: Ideal para optimizar la [&hellip;]","og_url":"https:\/\/remax-irpty.com\/en\/property\/venta-de-galera-en-parque-logistico-dos-caminos-panama\/","og_site_name":"REMAX Panam\u00e1","og_image":[{"width":1243,"height":932,"url":"https:\/\/remax-irpty.com\/wp-content\/uploads\/2025\/10\/IMG_8577.jpeg","type":"image\/jpeg"}],"twitter_card":"summary_large_image","twitter_misc":{"Est. reading time":"1 minute"},"schema":{"@context":"https:\/\/schema.org","@graph":[{"@type":"WebPage","@id":"https:\/\/remax-irpty.com\/property\/venta-de-galera-en-parque-logistico-dos-caminos-panama\/","url":"https:\/\/remax-irpty.com\/property\/venta-de-galera-en-parque-logistico-dos-caminos-panama\/","name":"Venta de Galera en Parque Log\u00edstico Dos Caminos - Panam\u00e1 - REMAX Panam\u00e1","isPartOf":{"@id":"https:\/\/remax-irpty.com\/#website"},"primaryImageOfPage":{"@id":"https:\/\/remax-irpty.com\/property\/venta-de-galera-en-parque-logistico-dos-caminos-panama\/#primaryimage"},"image":{"@id":"https:\/\/remax-irpty.com\/property\/venta-de-galera-en-parque-logistico-dos-caminos-panama\/#primaryimage"},"thumbnailUrl":"https:\/\/remax-irpty.com\/wp-content\/uploads\/2025\/10\/IMG_8577.jpeg","datePublished":"2025-10-15T16:57:42+00:00","breadcrumb":{"@id":"https:\/\/remax-irpty.com\/property\/venta-de-galera-en-parque-logistico-dos-caminos-panama\/#breadcrumb"},"inLanguage":"en-US","potentialAction":[{"@type":"ReadAction","target":["https:\/\/remax-irpty.com\/property\/venta-de-galera-en-parque-logistico-dos-caminos-panama\/"]}]},{"@type":"ImageObject","inLanguage":"en-US","@id":"https:\/\/remax-irpty.com\/property\/venta-de-galera-en-parque-logistico-dos-caminos-panama\/#primaryimage","url":"https:\/\/remax-irpty.com\/wp-content\/uploads\/2025\/10\/IMG_8577.jpeg","contentUrl":"https:\/\/remax-irpty.com\/wp-content\/uploads\/2025\/10\/IMG_8577.jpeg","width":1243,"height":932},{"@type":"BreadcrumbList","@id":"https:\/\/remax-irpty.com\/property\/venta-de-galera-en-parque-logistico-dos-caminos-panama\/#breadcrumb","itemListElement":[{"@type":"ListItem","position":1,"name":"Home","item":"https:\/\/remax-irpty.com\/"},{"@type":"ListItem","position":2,"name":"Propiedades","item":"https:\/\/remax-irpty.com\/property\/"},{"@type":"ListItem","position":3,"name":"Venta de Galera en Parque Log\u00edstico Dos Caminos &#8211; Panam\u00e1"}]},{"@type":"WebSite","@id":"https:\/\/remax-irpty.com\/#website","url":"https:\/\/remax-irpty.com\/","name":"REMAX COMMERCIAL INVESTMENT REALTY","description":"Commercial Investment Realty","publisher":{"@id":"https:\/\/remax-irpty.com\/#organization"},"potentialAction":[{"@type":"SearchAction","target":{"@type":"EntryPoint","urlTemplate":"https:\/\/remax-irpty.com\/?s={search_term_string}"},"query-input":{"@type":"PropertyValueSpecification","valueRequired":true,"valueName":"search_term_string"}}],"inLanguage":"en-US"},{"@type":"Organization","@id":"https:\/\/remax-irpty.com\/#organization","name":"REMAX COMMERCIAL INVESTMENT REALTY","alternateName":"REMAX INVESTMENT REALTY","url":"https:\/\/remax-irpty.com\/","logo":{"@type":"ImageObject","inLanguage":"en-US","@id":"https:\/\/remax-irpty.com\/#\/schema\/logo\/image\/","url":"https:\/\/remax-irpty.com\/wp-content\/uploads\/2025\/09\/REMAX-Commercial-InvestmentRealty_ORIGINAL.png","contentUrl":"https:\/\/remax-irpty.com\/wp-content\/uploads\/2025\/09\/REMAX-Commercial-InvestmentRealty_ORIGINAL.png","width":2042,"height":939,"caption":"REMAX COMMERCIAL INVESTMENT REALTY"},"image":{"@id":"https:\/\/remax-irpty.com\/#\/schema\/logo\/image\/"},"sameAs":["https:\/\/www.instagram.com\/remaxirpanama\/"]}]}},"_links":{"self":[{"href":"https:\/\/remax-irpty.com\/en\/wp-json\/wp\/v2\/properties\/69589","targetHints":{"allow":["GET"]}}],"collection":[{"href":"https:\/\/remax-irpty.com\/en\/wp-json\/wp\/v2\/properties"}],"about":[{"href":"https:\/\/remax-irpty.com\/en\/wp-json\/wp\/v2\/types\/property"}],"author":[{"embeddable":true,"href":"https:\/\/remax-irpty.com\/en\/wp-json\/wp\/v2\/users\/2"}],"version-history":[{"count":0,"href":"https:\/\/remax-irpty.com\/en\/wp-json\/wp\/v2\/properties\/69589\/revisions"}],"wp:featuredmedia":[{"embeddable":true,"href":"https:\/\/remax-irpty.com\/en\/wp-json\/wp\/v2\/media\/71227"}],"wp:attachment":[{"href":"https:\/\/remax-irpty.com\/en\/wp-json\/wp\/v2\/media?parent=69589"}],"wp:term":[{"taxonomy":"property_type","embeddable":true,"href":"https:\/\/remax-irpty.com\/en\/wp-json\/wp\/v2\/property_type?post=69589"},{"taxonomy":"property_status","embeddable":true,"href":"https:\/\/remax-irpty.com\/en\/wp-json\/wp\/v2\/property_status?post=69589"},{"taxonomy":"property_feature","embeddable":true,"href":"https:\/\/remax-irpty.com\/en\/wp-json\/wp\/v2\/property_feature?post=69589"},{"taxonomy":"property_label","embeddable":true,"href":"https:\/\/remax-irpty.com\/en\/wp-json\/wp\/v2\/property_label?post=69589"},{"taxonomy":"property_country","embeddable":true,"href":"https:\/\/remax-irpty.com\/en\/wp-json\/wp\/v2\/property_country?post=69589"},{"taxonomy":"property_city","embeddable":true,"href":"https:\/\/remax-irpty.com\/en\/wp-json\/wp\/v2\/property_city?post=69589"},{"taxonomy":"property_area","embeddable":true,"href":"https:\/\/remax-irpty.com\/en\/wp-json\/wp\/v2\/property_area?post=69589"}],"curies":[{"name":"wp","href":"https:\/\/api.w.org\/{rel}","templated":true}]}}